{"id":721,"date":"2024-02-03T19:02:47","date_gmt":"2024-02-03T18:02:47","guid":{"rendered":"https:\/\/mariehebbelynckphotographie.com\/?page_id=721"},"modified":"2025-08-05T17:02:13","modified_gmt":"2025-08-05T15:02:13","slug":"reportage-paysan","status":"publish","type":"page","link":"https:\/\/mariehebbelynckphotographie.com\/index.php\/reportage-paysan\/","title":{"rendered":"Reportage Paysan"},"content":{"rendered":"\n<div class=\"wp-block-group alignfull superbthemes-navigation-004 is-layout-flow wp-block-group-is-layout-flow\" style=\"margin-top:0;margin-bottom:0\">\n<div class=\"wp-block-cover is-light\" style=\"margin-top:0;margin-bottom:0;padding-top:0;padding-right:0;padding-bottom:var(--wp--preset--spacing--superbspacing-xxlarge);padding-left:0;min-height:100px\"><span aria-hidden=\"true\" class=\"wp-block-cover__background has-background-dim-20 has-background-dim\"><\/span><img loading=\"lazy\" decoding=\"async\" width=\"2560\" height=\"1707\" class=\"wp-block-cover__image-background wp-image-753\" alt=\"\" src=\"https:\/\/mariehebbelynckphotographie.com\/wp-content\/uploads\/2024\/02\/IMG_0483-scaled.jpeg\" data-object-fit=\"cover\" srcset=\"https:\/\/mariehebbelynckphotographie.com\/wp-content\/uploads\/2024\/02\/IMG_0483-scaled.jpeg 2560w, https:\/\/mariehebbelynckphotographie.com\/wp-content\/uploads\/2024\/02\/IMG_0483-300x200.jpeg 300w, https:\/\/mariehebbelynckphotographie.com\/wp-content\/uploads\/2024\/02\/IMG_0483-1024x683.jpeg 1024w, https:\/\/mariehebbelynckphotographie.com\/wp-content\/uploads\/2024\/02\/IMG_0483-768x512.jpeg 768w, https:\/\/mariehebbelynckphotographie.com\/wp-content\/uploads\/2024\/02\/IMG_0483-1536x1024.jpeg 1536w, https:\/\/mariehebbelynckphotographie.com\/wp-content\/uploads\/2024\/02\/IMG_0483-2048x1365.jpeg 2048w\" sizes=\"(max-width: 2560px) 100vw, 2560px\" \/><div class=\"wp-block-cover__inner-container is-layout-flow wp-container-core-cover-layout-1 wp-block-cover-is-layout-flow\">\n<div class=\"wp-block-group has-contrast-light-color has-text-color is-layout-flow wp-block-group-is-layout-flow\"><\/div>\n\n\n\n<div class=\"wp-block-group alignwide has-global-padding is-layout-constrained wp-container-core-group-layout-3 wp-block-group-is-layout-constrained\" style=\"padding-right:var(--wp--preset--spacing--superbspacing-small);padding-left:var(--wp--preset--spacing--superbspacing-small)\">\n<div class=\"wp-block-group alignwide has-global-padding is-layout-constrained wp-block-group-is-layout-constrained\">\n<h1 class=\"wp-block-heading alignwide has-text-align-left has-contrast-light-color has-text-color has-superbfont-xxlarge-font-size\" style=\"font-style:normal;font-weight:700\">T\u00e9moignez de la r\u00e9alit\u00e9 quotidienne de votre travail<\/h1>\n\n\n\n<p class=\"has-text-align-left has-contrast-light-color has-text-color has-superbfont-small-font-size\">Contribuez \u00e0 promouvoir l&#8217;authenticit\u00e9 et la durabilit\u00e9 de votre activit\u00e9 agricole. Un reportage photo \u00e0 la ferme peut avoir un impact significatif sur la promotion, la communication, l&#8217;\u00e9ducation et la gestion de l&#8217;exploitation agricole.<\/p>\n<\/div>\n\n\n\n<div class=\"wp-block-buttons is-layout-flex wp-container-core-buttons-layout-1 wp-block-buttons-is-layout-flex\">\n<div class=\"wp-block-button has-custom-font-size has-superbfont-small-font-size\"><a class=\"wp-block-button__link wp-element-button\" style=\"padding-top:var(--wp--preset--spacing--superbspacing-xsmall);padding-right:var(--wp--preset--spacing--superbspacing-xsmall);padding-bottom:var(--wp--preset--spacing--superbspacing-xsmall);padding-left:var(--wp--preset--spacing--superbspacing-xsmall)\">Contactez-moi \u2192<\/a><\/div>\n<\/div>\n<\/div>\n<\/div><\/div>\n<\/div>\n\n\n\n<div class=\"wp-block-group alignfull has-mono-4-background-color has-background has-global-padding is-layout-constrained wp-container-core-group-layout-19 wp-block-group-is-layout-constrained\" style=\"margin-top:0;margin-bottom:0;padding-top:var(--wp--preset--spacing--superbspacing-xxlarge);padding-right:var(--wp--preset--spacing--superbspacing-small);padding-bottom:var(--wp--preset--spacing--superbspacing-xxlarge);padding-left:var(--wp--preset--spacing--superbspacing-small)\">\n<div class=\"wp-block-columns alignwide is-layout-flex wp-container-core-columns-layout-1 wp-block-columns-is-layout-flex\">\n<div class=\"wp-block-column is-vertically-aligned-top is-layout-flow wp-container-core-column-layout-1 wp-block-column-is-layout-flow\" style=\"padding-right:0;padding-bottom:0;padding-left:0\">\n<h3 class=\"wp-block-heading has-text-align-left has-primary-color has-text-color has-superbfont-small-font-size\">Pour qui ? Pour quoi ?<\/h3>\n\n\n\n<h3 class=\"wp-block-heading has-text-align-left has-superbfont-xlarge-font-size\">Reportage paysan<\/h3>\n<\/div>\n\n\n\n<div class=\"wp-block-column is-vertically-aligned-center is-layout-flow wp-container-core-column-layout-2 wp-block-column-is-layout-flow\" style=\"padding-top:0;padding-right:0;padding-bottom:0;padding-left:0\">\n<p class=\"has-text-align-left has-secondary-color has-text-color has-superbfont-small-font-size\">Un reportage photo professionnel peut \u00eatre b\u00e9n\u00e9fique pour tout type d&#8217;exploitation paysanne, quels que soient sa taille ou son domaine d&#8217;activit\u00e9.<\/p>\n<\/div>\n<\/div>\n\n\n\n<div class=\"wp-block-group alignfull has-mono-4-background-color has-background has-global-padding is-layout-constrained wp-container-core-group-layout-11 wp-block-group-is-layout-constrained\" style=\"margin-top:0;margin-bottom:0;padding-top:var(--wp--preset--spacing--superbspacing-xxlarge);padding-right:var(--wp--preset--spacing--superbspacing-small);padding-bottom:var(--wp--preset--spacing--superbspacing-xxlarge);padding-left:var(--wp--preset--spacing--superbspacing-small)\">\n<div class=\"wp-block-columns alignwide is-layout-flex wp-container-core-columns-layout-2 wp-block-columns-is-layout-flex\" style=\"border-radius:0px;padding-top:0;padding-right:0;padding-bottom:0;padding-left:0\">\n<div class=\"wp-block-column is-vertically-aligned-center is-layout-flow wp-container-core-column-layout-3 wp-block-column-is-layout-flow\" style=\"padding-top:0px;padding-right:0px;padding-bottom:0px;padding-left:0px\">\n<div class=\"wp-block-group has-border-color has-mono-3-border-color has-base-background-color has-background has-global-padding is-layout-constrained wp-container-core-group-layout-7 wp-block-group-is-layout-constrained\" style=\"border-width:1px;border-radius:8px;padding-top:var(--wp--preset--spacing--superbspacing-small);padding-right:var(--wp--preset--spacing--superbspacing-small);padding-bottom:var(--wp--preset--spacing--superbspacing-small);padding-left:var(--wp--preset--spacing--superbspacing-small)\">\n<div class=\"wp-block-group is-nowrap is-layout-flex wp-container-core-group-layout-6 wp-block-group-is-layout-flex\">\n<div class=\"wp-block-group is-vertical is-content-justification-left is-layout-flex wp-container-core-group-layout-5 wp-block-group-is-layout-flex\">\n<h2 class=\"wp-block-heading has-text-align-left has-contrast-color has-text-color has-alegreya-font-family has-superbfont-small-font-size\">Agriculture biologique<\/h2>\n\n\n\n<p class=\"has-text-align-left has-primary-color has-text-color has-superbfont-xsmall-font-size\">Sensibiliser \u00e0 vos valeurs<\/p>\n<\/div>\n<\/div>\n\n\n\n<p class=\"has-text-align-left has-secondary-color has-text-color has-superbfont-xsmall-font-size\">Mettre en valeur les pratiques respectueuses de l&#8217;environnement et le mode de production biologique ou biodynamique peut \u00eatre un atout pour attirer les consommateurs sensibles \u00e0 ces valeurs.<\/p>\n<\/div>\n<\/div>\n\n\n\n<div class=\"wp-block-column is-vertically-aligned-center is-layout-flow wp-container-core-column-layout-4 wp-block-column-is-layout-flow\" style=\"padding-top:0px;padding-right:0px;padding-bottom:0px;padding-left:0px\">\n<div class=\"wp-block-group has-border-color has-mono-3-border-color has-base-background-color has-background has-global-padding is-layout-constrained wp-container-core-group-layout-10 wp-block-group-is-layout-constrained\" style=\"border-width:1px;border-radius:8px;padding-top:var(--wp--preset--spacing--superbspacing-small);padding-right:var(--wp--preset--spacing--superbspacing-small);padding-bottom:var(--wp--preset--spacing--superbspacing-small);padding-left:var(--wp--preset--spacing--superbspacing-small)\">\n<div class=\"wp-block-group is-nowrap is-layout-flex wp-container-core-group-layout-9 wp-block-group-is-layout-flex\">\n<div class=\"wp-block-group is-vertical is-content-justification-left is-layout-flex wp-container-core-group-layout-8 wp-block-group-is-layout-flex\">\n<h2 class=\"wp-block-heading has-text-align-left has-contrast-color has-text-color has-alegreya-font-family has-superbfont-small-font-size\">\u00c9levage familial<\/h2>\n\n\n\n<p class=\"has-text-align-left has-primary-color has-text-color has-superbfont-xsmall-font-size\">Renforcer la confiance des clients<\/p>\n<\/div>\n<\/div>\n\n\n\n<p class=\"has-text-align-left has-secondary-color has-text-color has-superbfont-xsmall-font-size\">Documenter le bien-\u00eatre animal, les soins prodigu\u00e9s aux animaux et les conditions d&#8217;\u00e9levage peut renforcer la confiance des clients soucieux du traitement des animaux.<\/p>\n<\/div>\n<\/div>\n<\/div>\n<\/div>\n\n\n\n<div class=\"wp-block-group alignfull has-mono-4-background-color has-background has-global-padding is-layout-constrained wp-container-core-group-layout-18 wp-block-group-is-layout-constrained\" style=\"margin-top:0;margin-bottom:0;padding-top:var(--wp--preset--spacing--superbspacing-xxlarge);padding-right:var(--wp--preset--spacing--superbspacing-small);padding-bottom:var(--wp--preset--spacing--superbspacing-xxlarge);padding-left:var(--wp--preset--spacing--superbspacing-small)\">\n<div class=\"wp-block-columns alignwide is-layout-flex wp-container-core-columns-layout-3 wp-block-columns-is-layout-flex\" style=\"border-radius:0px;padding-top:0;padding-right:0;padding-bottom:0;padding-left:0\">\n<div class=\"wp-block-column is-vertically-aligned-center is-layout-flow wp-container-core-column-layout-5 wp-block-column-is-layout-flow\" style=\"padding-top:0px;padding-right:0px;padding-bottom:0px;padding-left:0px\">\n<div class=\"wp-block-group has-border-color has-mono-3-border-color has-base-background-color has-background has-global-padding is-layout-constrained wp-container-core-group-layout-14 wp-block-group-is-layout-constrained\" style=\"border-width:1px;border-radius:8px;padding-top:var(--wp--preset--spacing--superbspacing-small);padding-right:var(--wp--preset--spacing--superbspacing-small);padding-bottom:var(--wp--preset--spacing--superbspacing-small);padding-left:var(--wp--preset--spacing--superbspacing-small)\">\n<div class=\"wp-block-group is-nowrap is-layout-flex wp-container-core-group-layout-13 wp-block-group-is-layout-flex\">\n<div class=\"wp-block-group is-vertical is-content-justification-left is-layout-flex wp-container-core-group-layout-12 wp-block-group-is-layout-flex\">\n<h2 class=\"wp-block-heading has-text-align-left has-contrast-color has-text-color has-alegreya-font-family has-superbfont-small-font-size\">Agriculture traditionnelle<\/h2>\n\n\n\n<p class=\"has-text-align-left has-primary-color has-text-color has-superbfont-xsmall-font-size\">Un patrimoine culturel<\/p>\n<\/div>\n<\/div>\n\n\n\n<p class=\"has-text-align-left has-secondary-color has-text-color has-superbfont-xsmall-font-size\">&nbsp;Pr\u00e9senter les techniques et les savoir-faire ancestraux utilis\u00e9s dans l&#8217;agriculture traditionnelle peut contribuer \u00e0 pr\u00e9server le patrimoine culturel et \u00e0 sensibiliser \u00e0 la pr\u00e9servation des vari\u00e9t\u00e9s locales et des pratiques agricoles traditionnelles.<\/p>\n<\/div>\n<\/div>\n\n\n\n<div class=\"wp-block-column is-vertically-aligned-center is-layout-flow wp-container-core-column-layout-6 wp-block-column-is-layout-flow\" style=\"padding-top:0px;padding-right:0px;padding-bottom:0px;padding-left:0px\">\n<div class=\"wp-block-group has-border-color has-mono-3-border-color has-base-background-color has-background has-global-padding is-layout-constrained wp-container-core-group-layout-17 wp-block-group-is-layout-constrained\" style=\"border-width:1px;border-radius:8px;padding-top:var(--wp--preset--spacing--superbspacing-small);padding-right:var(--wp--preset--spacing--superbspacing-small);padding-bottom:var(--wp--preset--spacing--superbspacing-small);padding-left:var(--wp--preset--spacing--superbspacing-small)\">\n<div class=\"wp-block-group is-nowrap is-layout-flex wp-container-core-group-layout-16 wp-block-group-is-layout-flex\">\n<div class=\"wp-block-group is-vertical is-content-justification-left is-layout-flex wp-container-core-group-layout-15 wp-block-group-is-layout-flex\">\n<h2 class=\"wp-block-heading has-text-align-left has-contrast-color has-text-color has-alegreya-font-family has-superbfont-small-font-size\">Ferme p\u00e9dagogique<\/h2>\n\n\n\n<p class=\"has-text-align-left has-primary-color has-text-color has-superbfont-xsmall-font-size\">Taveler to Mexico<\/p>\n<\/div>\n<\/div>\n\n\n\n<p class=\"has-text-align-left has-secondary-color has-text-color has-superbfont-xsmall-font-size\">Des images peuvent \u00eatre utilis\u00e9es pour illustrer les programmes \u00e9ducatifs, les activit\u00e9s interactives et les \u00e9v\u00e9nements organis\u00e9s \u00e0 la ferme pour sensibiliser les enfants et les adultes \u00e0 l&#8217;agriculture et \u00e0 l&#8217;alimentation durable.<\/p>\n<\/div>\n<\/div>\n<\/div>\n<\/div>\n\n\n\n<figure class=\"wp-block-image alignwide size-large has-custom-border\"><img loading=\"lazy\" decoding=\"async\" width=\"1024\" height=\"512\" src=\"https:\/\/mariehebbelynckphotographie.com\/wp-content\/uploads\/2024\/02\/IMG_0530-1-1024x512.jpeg\" alt=\"\" class=\"wp-image-787\" style=\"border-radius:8px\" srcset=\"https:\/\/mariehebbelynckphotographie.com\/wp-content\/uploads\/2024\/02\/IMG_0530-1-1024x512.jpeg 1024w, https:\/\/mariehebbelynckphotographie.com\/wp-content\/uploads\/2024\/02\/IMG_0530-1-300x150.jpeg 300w, https:\/\/mariehebbelynckphotographie.com\/wp-content\/uploads\/2024\/02\/IMG_0530-1-768x384.jpeg 768w, https:\/\/mariehebbelynckphotographie.com\/wp-content\/uploads\/2024\/02\/IMG_0530-1-1536x768.jpeg 1536w, https:\/\/mariehebbelynckphotographie.com\/wp-content\/uploads\/2024\/02\/IMG_0530-1-2048x1024.jpeg 2048w\" sizes=\"(max-width: 1024px) 100vw, 1024px\" \/><\/figure>\n<\/div>\n\n\n\n<div class=\"wp-block-group alignfull has-global-padding is-layout-constrained wp-container-core-group-layout-22 wp-block-group-is-layout-constrained\" style=\"margin-top:0;margin-bottom:0;padding-top:var(--wp--preset--spacing--superbspacing-xxlarge);padding-right:var(--wp--preset--spacing--superbspacing-small);padding-bottom:var(--wp--preset--spacing--superbspacing-xxlarge);padding-left:var(--wp--preset--spacing--superbspacing-small)\">\n<div class=\"wp-block-columns alignwide is-layout-flex wp-container-core-columns-layout-4 wp-block-columns-is-layout-flex\">\n<div class=\"wp-block-column is-vertically-aligned-center is-layout-flow wp-container-core-column-layout-7 wp-block-column-is-layout-flow\" style=\"padding-right:0;padding-bottom:0;padding-left:0\">\n<figure class=\"wp-block-image size-large has-custom-border\"><img loading=\"lazy\" decoding=\"async\" width=\"1024\" height=\"683\" src=\"http:\/\/mariehebbelynckphotographie.com\/wp-content\/uploads\/2024\/02\/IMG_0541-1024x683.jpeg\" alt=\"\" class=\"wp-image-739\" style=\"border-radius:8px\" srcset=\"https:\/\/mariehebbelynckphotographie.com\/wp-content\/uploads\/2024\/02\/IMG_0541-1024x683.jpeg 1024w, https:\/\/mariehebbelynckphotographie.com\/wp-content\/uploads\/2024\/02\/IMG_0541-300x200.jpeg 300w, https:\/\/mariehebbelynckphotographie.com\/wp-content\/uploads\/2024\/02\/IMG_0541-768x512.jpeg 768w, https:\/\/mariehebbelynckphotographie.com\/wp-content\/uploads\/2024\/02\/IMG_0541-1536x1024.jpeg 1536w, https:\/\/mariehebbelynckphotographie.com\/wp-content\/uploads\/2024\/02\/IMG_0541-2048x1365.jpeg 2048w\" sizes=\"(max-width: 1024px) 100vw, 1024px\" \/><\/figure>\n<\/div>\n\n\n\n<div class=\"wp-block-column is-vertically-aligned-center is-layout-flow wp-container-core-column-layout-8 wp-block-column-is-layout-flow\" style=\"padding-top:0;padding-right:0;padding-bottom:0;padding-left:0\">\n<div class=\"wp-block-group is-layout-flow wp-container-core-group-layout-20 wp-block-group-is-layout-flow\">\n<h3 class=\"wp-block-heading has-text-align-left has-primary-color has-text-color has-superbfont-small-font-size\">Communication avec les partenaires commerciaux<\/h3>\n\n\n\n<p class=\"has-text-align-left has-secondary-color has-text-color has-superbfont-small-font-size\">Des images professionnelles montrant les pratiques agricoles durables, le respect de l&#8217;environnement et le bien-\u00eatre animal peuvent renforcer la confiance des partenaires commerciaux et faciliter les n\u00e9gociations ou les partenariats avec d&#8217;autres entreprises ou distributeurs.<\/p>\n<\/div>\n\n\n\n<div class=\"wp-block-group is-layout-flow wp-container-core-group-layout-21 wp-block-group-is-layout-flow\">\n<h3 class=\"wp-block-heading has-text-align-left has-primary-color has-text-color has-superbfont-small-font-size\">Mettez en avant vos produits<\/h3>\n\n\n\n<p class=\"has-text-align-left has-secondary-color has-text-color has-superbfont-small-font-size\">Des photos professionnelles des produits frais de la ferme, tels que des fruits, des l\u00e9gumes ou des produits laitiers, peuvent \u00eatre utilis\u00e9es sur les \u00e9tiquettes, les emballages, les sites web ou les r\u00e9seaux sociaux pour attirer les consommateurs et mettre en valeur leur qualit\u00e9.<\/p>\n<\/div>\n<\/div>\n<\/div>\n<\/div>\n\n\n\n<div class=\"wp-block-group alignfull has-mono-4-background-color has-background has-global-padding is-layout-constrained wp-container-core-group-layout-23 wp-block-group-is-layout-constrained\" style=\"margin-top:0;margin-bottom:0;padding-top:var(--wp--preset--spacing--superbspacing-xxlarge);padding-right:var(--wp--preset--spacing--superbspacing-small);padding-bottom:var(--wp--preset--spacing--superbspacing-xxlarge);padding-left:var(--wp--preset--spacing--superbspacing-small)\">\n<div class=\"wp-block-columns alignwide is-layout-flex wp-container-core-columns-layout-5 wp-block-columns-is-layout-flex\">\n<div class=\"wp-block-column is-vertically-aligned-top is-layout-flow wp-container-core-column-layout-9 wp-block-column-is-layout-flow\" style=\"padding-right:0;padding-bottom:0;padding-left:0\">\n<h3 class=\"wp-block-heading has-text-align-left has-primary-color has-text-color has-superbfont-small-font-size\">Par exemple<\/h3>\n\n\n\n<h3 class=\"wp-block-heading has-text-align-left has-superbfont-large-font-size\">Cr\u00e9ez des brochures promotionnelles, enrichissez le site web de votre exploitation, animez vos r\u00e9seaux sociaux avec du contenu visuel attractif<\/h3>\n<\/div>\n<\/div>\n\n\n\n<figure class=\"wp-block-image alignwide size-large has-custom-border\"><img loading=\"lazy\" decoding=\"async\" width=\"1024\" height=\"683\" src=\"http:\/\/mariehebbelynckphotographie.com\/wp-content\/uploads\/2024\/02\/IMG_0493-1024x683.jpeg\" alt=\"\" class=\"wp-image-742\" style=\"border-radius:8px\" srcset=\"https:\/\/mariehebbelynckphotographie.com\/wp-content\/uploads\/2024\/02\/IMG_0493-1024x683.jpeg 1024w, https:\/\/mariehebbelynckphotographie.com\/wp-content\/uploads\/2024\/02\/IMG_0493-300x200.jpeg 300w, https:\/\/mariehebbelynckphotographie.com\/wp-content\/uploads\/2024\/02\/IMG_0493-768x512.jpeg 768w, https:\/\/mariehebbelynckphotographie.com\/wp-content\/uploads\/2024\/02\/IMG_0493-1536x1024.jpeg 1536w, https:\/\/mariehebbelynckphotographie.com\/wp-content\/uploads\/2024\/02\/IMG_0493-2048x1365.jpeg 2048w\" sizes=\"(max-width: 1024px) 100vw, 1024px\" \/><\/figure>\n<\/div>\n\n\n\n<div class=\"wp-block-group alignfull has-mono-4-background-color has-background has-global-padding is-layout-constrained wp-container-core-group-layout-25 wp-block-group-is-layout-constrained\" style=\"margin-top:0;margin-bottom:0;padding-top:var(--wp--preset--spacing--superbspacing-xxlarge);padding-right:var(--wp--preset--spacing--superbspacing-small);padding-bottom:var(--wp--preset--spacing--superbspacing-xxlarge);padding-left:var(--wp--preset--spacing--superbspacing-small)\">\n<div class=\"wp-block-group alignwide is-vertical is-content-justification-center is-layout-flex wp-container-core-group-layout-24 wp-block-group-is-layout-flex\">\n<h2 class=\"wp-block-heading has-text-align-center has-contrast-color has-text-color has-superbfont-medium-font-size\">Un reportage photo \u00e0 la ferme peut avoir un impact significatif sur la promotion, la communication, l&#8217;\u00e9ducation et la gestion de l&#8217;exploitation agricole.<\/h2>\n<\/div>\n\n\n\n<div class=\"wp-block-columns alignwide is-layout-flex wp-container-core-columns-layout-6 wp-block-columns-is-layout-flex\">\n<div class=\"wp-block-column is-vertically-aligned-center is-layout-flow wp-container-core-column-layout-10 wp-block-column-is-layout-flow\">\n<figure class=\"wp-block-image aligncenter size-large has-custom-border\"><img loading=\"lazy\" decoding=\"async\" width=\"1024\" height=\"683\" src=\"http:\/\/mariehebbelynckphotographie.com\/wp-content\/uploads\/2024\/02\/IMG_0502-1024x683.jpeg\" alt=\"\" class=\"wp-image-736\" style=\"border-radius:8px;object-fit:cover\" srcset=\"https:\/\/mariehebbelynckphotographie.com\/wp-content\/uploads\/2024\/02\/IMG_0502-1024x683.jpeg 1024w, https:\/\/mariehebbelynckphotographie.com\/wp-content\/uploads\/2024\/02\/IMG_0502-300x200.jpeg 300w, https:\/\/mariehebbelynckphotographie.com\/wp-content\/uploads\/2024\/02\/IMG_0502-768x512.jpeg 768w, https:\/\/mariehebbelynckphotographie.com\/wp-content\/uploads\/2024\/02\/IMG_0502-1536x1024.jpeg 1536w, https:\/\/mariehebbelynckphotographie.com\/wp-content\/uploads\/2024\/02\/IMG_0502-2048x1365.jpeg 2048w\" sizes=\"(max-width: 1024px) 100vw, 1024px\" \/><\/figure>\n\n\n\n<figure class=\"wp-block-image aligncenter size-large has-custom-border\"><img loading=\"lazy\" decoding=\"async\" width=\"1024\" height=\"683\" src=\"https:\/\/mariehebbelynckphotographie.com\/wp-content\/uploads\/2024\/02\/IMG_0509-1024x683.jpeg\" alt=\"\" class=\"wp-image-773\" style=\"border-radius:8px;object-fit:cover\" srcset=\"https:\/\/mariehebbelynckphotographie.com\/wp-content\/uploads\/2024\/02\/IMG_0509-1024x683.jpeg 1024w, https:\/\/mariehebbelynckphotographie.com\/wp-content\/uploads\/2024\/02\/IMG_0509-300x200.jpeg 300w, https:\/\/mariehebbelynckphotographie.com\/wp-content\/uploads\/2024\/02\/IMG_0509-768x512.jpeg 768w, https:\/\/mariehebbelynckphotographie.com\/wp-content\/uploads\/2024\/02\/IMG_0509-1536x1024.jpeg 1536w, https:\/\/mariehebbelynckphotographie.com\/wp-content\/uploads\/2024\/02\/IMG_0509-2048x1365.jpeg 2048w\" sizes=\"(max-width: 1024px) 100vw, 1024px\" \/><\/figure>\n<\/div>\n\n\n\n<div class=\"wp-block-column is-vertically-aligned-center is-layout-flow wp-container-core-column-layout-11 wp-block-column-is-layout-flow\">\n<figure class=\"wp-block-image aligncenter size-large has-custom-border\"><img loading=\"lazy\" decoding=\"async\" width=\"1024\" height=\"683\" src=\"http:\/\/mariehebbelynckphotographie.com\/wp-content\/uploads\/2024\/02\/IMG_0504-1024x683.jpeg\" alt=\"\" class=\"wp-image-732\" style=\"border-radius:8px;object-fit:cover\" srcset=\"https:\/\/mariehebbelynckphotographie.com\/wp-content\/uploads\/2024\/02\/IMG_0504-1024x683.jpeg 1024w, https:\/\/mariehebbelynckphotographie.com\/wp-content\/uploads\/2024\/02\/IMG_0504-300x200.jpeg 300w, https:\/\/mariehebbelynckphotographie.com\/wp-content\/uploads\/2024\/02\/IMG_0504-768x512.jpeg 768w, https:\/\/mariehebbelynckphotographie.com\/wp-content\/uploads\/2024\/02\/IMG_0504-1536x1024.jpeg 1536w, https:\/\/mariehebbelynckphotographie.com\/wp-content\/uploads\/2024\/02\/IMG_0504-2048x1365.jpeg 2048w\" sizes=\"(max-width: 1024px) 100vw, 1024px\" \/><\/figure>\n\n\n\n<figure class=\"wp-block-image aligncenter size-large has-custom-border\"><img loading=\"lazy\" decoding=\"async\" width=\"1024\" height=\"683\" src=\"https:\/\/mariehebbelynckphotographie.com\/wp-content\/uploads\/2024\/02\/IMG_0507-1-1024x683.jpeg\" alt=\"\" class=\"wp-image-774\" style=\"border-radius:8px;object-fit:cover\" srcset=\"https:\/\/mariehebbelynckphotographie.com\/wp-content\/uploads\/2024\/02\/IMG_0507-1-1024x683.jpeg 1024w, https:\/\/mariehebbelynckphotographie.com\/wp-content\/uploads\/2024\/02\/IMG_0507-1-300x200.jpeg 300w, https:\/\/mariehebbelynckphotographie.com\/wp-content\/uploads\/2024\/02\/IMG_0507-1-768x512.jpeg 768w, https:\/\/mariehebbelynckphotographie.com\/wp-content\/uploads\/2024\/02\/IMG_0507-1-1536x1024.jpeg 1536w, https:\/\/mariehebbelynckphotographie.com\/wp-content\/uploads\/2024\/02\/IMG_0507-1-2048x1365.jpeg 2048w\" sizes=\"(max-width: 1024px) 100vw, 1024px\" \/><\/figure>\n<\/div>\n<\/div>\n<\/div>\n\n\n\n<div class=\"wp-block-group alignfull has-global-padding is-layout-constrained wp-container-core-group-layout-28 wp-block-group-is-layout-constrained\" style=\"margin-top:0;margin-bottom:0;padding-top:var(--wp--preset--spacing--superbspacing-xxlarge);padding-right:var(--wp--preset--spacing--superbspacing-small);padding-bottom:var(--wp--preset--spacing--superbspacing-xxlarge);padding-left:var(--wp--preset--spacing--superbspacing-small)\">\n<div class=\"wp-block-columns alignwide is-layout-flex wp-container-core-columns-layout-7 wp-block-columns-is-layout-flex\">\n<div class=\"wp-block-column is-vertically-aligned-center is-layout-flow wp-container-core-column-layout-12 wp-block-column-is-layout-flow\" style=\"padding-right:0;padding-bottom:0;padding-left:0\">\n<figure class=\"wp-block-image size-large has-custom-border\"><img loading=\"lazy\" decoding=\"async\" width=\"1024\" height=\"683\" src=\"http:\/\/mariehebbelynckphotographie.com\/wp-content\/uploads\/2024\/02\/IMG_0476-1024x683.jpeg\" alt=\"\" class=\"wp-image-734\" style=\"border-radius:8px\" srcset=\"https:\/\/mariehebbelynckphotographie.com\/wp-content\/uploads\/2024\/02\/IMG_0476-1024x683.jpeg 1024w, https:\/\/mariehebbelynckphotographie.com\/wp-content\/uploads\/2024\/02\/IMG_0476-300x200.jpeg 300w, https:\/\/mariehebbelynckphotographie.com\/wp-content\/uploads\/2024\/02\/IMG_0476-768x512.jpeg 768w, https:\/\/mariehebbelynckphotographie.com\/wp-content\/uploads\/2024\/02\/IMG_0476-1536x1024.jpeg 1536w, https:\/\/mariehebbelynckphotographie.com\/wp-content\/uploads\/2024\/02\/IMG_0476-2048x1365.jpeg 2048w\" sizes=\"(max-width: 1024px) 100vw, 1024px\" \/><\/figure>\n<\/div>\n\n\n\n<div class=\"wp-block-column is-vertically-aligned-center is-layout-flow wp-container-core-column-layout-13 wp-block-column-is-layout-flow\" style=\"padding-top:0;padding-right:0;padding-bottom:0;padding-left:0\">\n<div class=\"wp-block-group is-layout-flow wp-container-core-group-layout-26 wp-block-group-is-layout-flow\">\n<h3 class=\"wp-block-heading has-text-align-left has-primary-color has-text-color has-superbfont-small-font-size\">Pour les visites guid\u00e9es<\/h3>\n\n\n\n<p class=\"has-text-align-left has-secondary-color has-text-color has-superbfont-small-font-size\">Des images captivantes de l&#8217;environnement de la ferme, des animaux, des champs et des installations peuvent \u00eatre utilis\u00e9es pour promouvoir les visites guid\u00e9es ou les activit\u00e9s d&#8217;agrotourisme, incitant ainsi les visiteurs \u00e0 d\u00e9couvrir l&#8217;exploitation de mani\u00e8re immersive.<\/p>\n<\/div>\n\n\n\n<div class=\"wp-block-group is-layout-flow wp-container-core-group-layout-27 wp-block-group-is-layout-flow\">\n<h3 class=\"wp-block-heading has-text-align-left has-primary-color has-text-color has-superbfont-small-font-size\">\u00c9ducation et sensibilisation<\/h3>\n\n\n\n<p class=\"has-text-align-left has-secondary-color has-text-color has-superbfont-small-font-size\">Des photos documentant les diff\u00e9rentes \u00e9tapes de la production agricole, de la plantation \u00e0 la r\u00e9colte, en passant par les soins aux animaux, peuvent \u00eatre utilis\u00e9es \u00e0 des fins \u00e9ducatives dans les \u00e9coles, les centres communautaires ou les \u00e9v\u00e9nements publics pour sensibiliser les gens \u00e0 l&#8217;agriculture et \u00e0 l&#8217;alimentation durable.<\/p>\n<\/div>\n<\/div>\n<\/div>\n<\/div>\n\n\n\n<div class=\"wp-block-group alignfull has-mono-4-background-color has-background has-global-padding is-layout-constrained wp-container-core-group-layout-29 wp-block-group-is-layout-constrained\" style=\"margin-top:0;margin-bottom:0;padding-top:var(--wp--preset--spacing--superbspacing-xxlarge);padding-right:var(--wp--preset--spacing--superbspacing-small);padding-bottom:var(--wp--preset--spacing--superbspacing-xxlarge);padding-left:var(--wp--preset--spacing--superbspacing-small)\">\n<figure class=\"wp-block-image alignwide size-large has-custom-border\"><img loading=\"lazy\" decoding=\"async\" width=\"1024\" height=\"683\" src=\"http:\/\/mariehebbelynckphotographie.com\/wp-content\/uploads\/2024\/02\/IMG_0537-1024x683.jpeg\" alt=\"\" class=\"wp-image-751\" style=\"border-radius:8px\" srcset=\"https:\/\/mariehebbelynckphotographie.com\/wp-content\/uploads\/2024\/02\/IMG_0537-1024x683.jpeg 1024w, https:\/\/mariehebbelynckphotographie.com\/wp-content\/uploads\/2024\/02\/IMG_0537-300x200.jpeg 300w, https:\/\/mariehebbelynckphotographie.com\/wp-content\/uploads\/2024\/02\/IMG_0537-768x512.jpeg 768w, https:\/\/mariehebbelynckphotographie.com\/wp-content\/uploads\/2024\/02\/IMG_0537-1536x1024.jpeg 1536w, https:\/\/mariehebbelynckphotographie.com\/wp-content\/uploads\/2024\/02\/IMG_0537-2048x1365.jpeg 2048w\" sizes=\"(max-width: 1024px) 100vw, 1024px\" \/><\/figure>\n\n\n\n<figure class=\"wp-block-image alignwide size-large has-custom-border\"><img loading=\"lazy\" decoding=\"async\" width=\"1024\" height=\"683\" src=\"https:\/\/mariehebbelynckphotographie.com\/wp-content\/uploads\/2024\/02\/IMG_0480-1024x683.jpeg\" alt=\"\" class=\"wp-image-789\" style=\"border-radius:8px\" srcset=\"https:\/\/mariehebbelynckphotographie.com\/wp-content\/uploads\/2024\/02\/IMG_0480-1024x683.jpeg 1024w, https:\/\/mariehebbelynckphotographie.com\/wp-content\/uploads\/2024\/02\/IMG_0480-300x200.jpeg 300w, https:\/\/mariehebbelynckphotographie.com\/wp-content\/uploads\/2024\/02\/IMG_0480-768x512.jpeg 768w, https:\/\/mariehebbelynckphotographie.com\/wp-content\/uploads\/2024\/02\/IMG_0480-1536x1024.jpeg 1536w, https:\/\/mariehebbelynckphotographie.com\/wp-content\/uploads\/2024\/02\/IMG_0480-2048x1365.jpeg 2048w\" sizes=\"(max-width: 1024px) 100vw, 1024px\" \/><\/figure>\n\n\n\n<figure class=\"wp-block-image alignwide size-large has-custom-border\"><img loading=\"lazy\" decoding=\"async\" width=\"1024\" height=\"683\" src=\"http:\/\/mariehebbelynckphotographie.com\/wp-content\/uploads\/2024\/02\/IMG_0489-1-1024x683.jpeg\" alt=\"\" class=\"wp-image-769\" style=\"border-radius:8px\" srcset=\"https:\/\/mariehebbelynckphotographie.com\/wp-content\/uploads\/2024\/02\/IMG_0489-1-1024x683.jpeg 1024w, https:\/\/mariehebbelynckphotographie.com\/wp-content\/uploads\/2024\/02\/IMG_0489-1-300x200.jpeg 300w, https:\/\/mariehebbelynckphotographie.com\/wp-content\/uploads\/2024\/02\/IMG_0489-1-768x512.jpeg 768w, https:\/\/mariehebbelynckphotographie.com\/wp-content\/uploads\/2024\/02\/IMG_0489-1-1536x1024.jpeg 1536w, https:\/\/mariehebbelynckphotographie.com\/wp-content\/uploads\/2024\/02\/IMG_0489-1-2048x1365.jpeg 2048w\" sizes=\"(max-width: 1024px) 100vw, 1024px\" \/><\/figure>\n<\/div>\n\n\n\n<div class=\"wp-block-group alignfull has-base-background-color has-background has-global-padding is-layout-constrained wp-container-core-group-layout-32 wp-block-group-is-layout-constrained\" style=\"margin-top:0;margin-bottom:0;padding-top:var(--wp--preset--spacing--superbspacing-xxlarge);padding-right:var(--wp--preset--spacing--superbspacing-small);padding-bottom:var(--wp--preset--spacing--superbspacing-xxlarge);padding-left:var(--wp--preset--spacing--superbspacing-small)\">\n<div class=\"wp-block-cover alignwide\" style=\"border-radius:8px;padding-top:var(--wp--preset--spacing--superbspacing-xxlarge);padding-right:var(--wp--preset--spacing--superbspacing-medium);padding-bottom:var(--wp--preset--spacing--superbspacing-xxlarge);padding-left:var(--wp--preset--spacing--superbspacing-medium)\"><span aria-hidden=\"true\" class=\"wp-block-cover__background has-background-dim-20 has-background-dim\"><\/span><img loading=\"lazy\" decoding=\"async\" width=\"1707\" height=\"2560\" class=\"wp-block-cover__image-background wp-image-989\" alt=\"\" src=\"http:\/\/mariehebbelynckphotographie.com\/wp-content\/uploads\/2025\/07\/IMG_6860-scaled.jpeg\" data-object-fit=\"cover\" srcset=\"https:\/\/mariehebbelynckphotographie.com\/wp-content\/uploads\/2025\/07\/IMG_6860-scaled.jpeg 1707w, https:\/\/mariehebbelynckphotographie.com\/wp-content\/uploads\/2025\/07\/IMG_6860-200x300.jpeg 200w, https:\/\/mariehebbelynckphotographie.com\/wp-content\/uploads\/2025\/07\/IMG_6860-683x1024.jpeg 683w, https:\/\/mariehebbelynckphotographie.com\/wp-content\/uploads\/2025\/07\/IMG_6860-768x1152.jpeg 768w, https:\/\/mariehebbelynckphotographie.com\/wp-content\/uploads\/2025\/07\/IMG_6860-1024x1536.jpeg 1024w, https:\/\/mariehebbelynckphotographie.com\/wp-content\/uploads\/2025\/07\/IMG_6860-1365x2048.jpeg 1365w\" sizes=\"(max-width: 1707px) 100vw, 1707px\" \/><div class=\"wp-block-cover__inner-container has-global-padding is-layout-constrained wp-container-core-cover-layout-2 wp-block-cover-is-layout-constrained\">\n<h3 class=\"wp-block-heading has-text-align-center has-contrast-light-color has-text-color has-superbfont-large-font-size\">Envie d\u2019un reportage photo ?<\/h3>\n\n\n\n<div class=\"wp-block-group has-contrast-light-background-color has-background has-global-padding is-layout-constrained wp-container-core-group-layout-31 wp-block-group-is-layout-constrained\" style=\"border-radius:8px;padding-top:var(--wp--preset--spacing--superbspacing-xsmall);padding-right:var(--wp--preset--spacing--superbspacing-small);padding-bottom:var(--wp--preset--spacing--superbspacing-xsmall);padding-left:var(--wp--preset--spacing--superbspacing-small)\">\n<div class=\"wp-block-columns are-vertically-aligned-center is-layout-flex wp-container-core-columns-layout-9 wp-block-columns-is-layout-flex\">\n<div class=\"wp-block-column is-vertically-aligned-center is-layout-flow wp-block-column-is-layout-flow\">\n<div class=\"wp-block-group has-contrast-light-background-color has-background has-global-padding is-layout-constrained wp-container-core-group-layout-30 wp-block-group-is-layout-constrained\" style=\"border-radius:8px;padding-top:var(--wp--preset--spacing--superbspacing-xsmall);padding-right:var(--wp--preset--spacing--superbspacing-small);padding-bottom:var(--wp--preset--spacing--superbspacing-xsmall);padding-left:var(--wp--preset--spacing--superbspacing-small)\">\n<div class=\"wp-block-columns are-vertically-aligned-center is-layout-flex wp-container-core-columns-layout-8 wp-block-columns-is-layout-flex\">\n<div class=\"wp-block-column is-vertically-aligned-center is-layout-flow wp-block-column-is-layout-flow\">\n<p class=\"has-text-align-center has-superbfont-xsmall-font-size\">Chaque projet est unique.<\/p>\n\n\n\n<p class=\"has-text-align-center has-superbfont-xxsmall-font-size\">Vous pouvez consulter mes formules ou m\u2019\u00e9crire pour imaginer ensemble une proposition sur mesure.<\/p>\n\n\n\n<div class=\"wp-block-buttons is-content-justification-center is-layout-flex wp-container-core-buttons-layout-2 wp-block-buttons-is-layout-flex\">\n<div class=\"wp-block-button has-custom-width wp-block-button__width-50 has-custom-font-size has-superbfont-small-font-size\"><a class=\"wp-block-button__link wp-element-button\" href=\"https:\/\/mariehebbelynckphotographie.com\/index.php\/contact\/\" style=\"padding-top:var(--wp--preset--spacing--superbspacing-xsmall);padding-right:var(--wp--preset--spacing--superbspacing-xsmall);padding-bottom:var(--wp--preset--spacing--superbspacing-xsmall);padding-left:var(--wp--preset--spacing--superbspacing-xsmall)\">Contactez-moi<\/a><\/div>\n\n\n\n<div class=\"wp-block-button has-custom-width wp-block-button__width-50 has-custom-font-size has-superbfont-small-font-size\"><a class=\"wp-block-button__link wp-element-button\" href=\"https:\/\/mariehebbelynckphotographie.com\/index.php\/tarifs\/\" style=\"padding-top:var(--wp--preset--spacing--superbspacing-xsmall);padding-right:var(--wp--preset--spacing--superbspacing-xsmall);padding-bottom:var(--wp--preset--spacing--superbspacing-xsmall);padding-left:var(--wp--preset--spacing--superbspacing-xsmall)\">Voir les offres<\/a><\/div>\n<\/div>\n<\/div>\n<\/div>\n<\/div>\n\n\n\n<div class=\"wp-block-buttons is-content-justification-center is-layout-flex wp-container-core-buttons-layout-3 wp-block-buttons-is-layout-flex\"><\/div>\n<\/div>\n<\/div>\n<\/div>\n<\/div><\/div>\n\n\n\n<div class=\"wp-block-columns alignwide is-layout-flex wp-container-core-columns-layout-10 wp-block-columns-is-layout-flex\">\n<div class=\"wp-block-column is-vertically-aligned-center is-layout-flow wp-container-core-column-layout-16 wp-block-column-is-layout-flow\"><\/div>\n<\/div>\n<\/div>\n","protected":false},"excerpt":{"rendered":"<p>Pour qui ? Pour quoi ? Reportage paysan Un reportage photo professionnel peut \u00eatre b\u00e9n\u00e9fique pour tout type d&#8217;exploitation paysanne, quels que soient sa taille ou son domaine d&#8217;activit\u00e9. Agriculture biologique Sensibiliser \u00e0 vos valeurs Mettre en valeur les pratiques respectueuses de l&#8217;environnement et le mode de production biologique ou biodynamique peut \u00eatre un atout [&hellip;]<\/p>\n","protected":false},"author":1,"featured_media":0,"parent":0,"menu_order":0,"comment_status":"closed","ping_status":"closed","template":"","meta":{"om_disable_all_campaigns":false,"_monsterinsights_skip_tracking":false,"_monsterinsights_sitenote_active":false,"_monsterinsights_sitenote_note":"","_monsterinsights_sitenote_category":0,"footnotes":""},"aioseo_notices":[],"_links":{"self":[{"href":"https:\/\/mariehebbelynckphotographie.com\/index.php\/wp-json\/wp\/v2\/pages\/721"}],"collection":[{"href":"https:\/\/mariehebbelynckphotographie.com\/index.php\/wp-json\/wp\/v2\/pages"}],"about":[{"href":"https:\/\/mariehebbelynckphotographie.com\/index.php\/wp-json\/wp\/v2\/types\/page"}],"author":[{"embeddable":true,"href":"https:\/\/mariehebbelynckphotographie.com\/index.php\/wp-json\/wp\/v2\/users\/1"}],"replies":[{"embeddable":true,"href":"https:\/\/mariehebbelynckphotographie.com\/index.php\/wp-json\/wp\/v2\/comments?post=721"}],"version-history":[{"count":25,"href":"https:\/\/mariehebbelynckphotographie.com\/index.php\/wp-json\/wp\/v2\/pages\/721\/revisions"}],"predecessor-version":[{"id":1144,"href":"https:\/\/mariehebbelynckphotographie.com\/index.php\/wp-json\/wp\/v2\/pages\/721\/revisions\/1144"}],"wp:attachment":[{"href":"https:\/\/mariehebbelynckphotographie.com\/index.php\/wp-json\/wp\/v2\/media?parent=721"}],"curies":[{"name":"wp","href":"https:\/\/api.w.org\/{rel}","templated":true}]}}